{"id":1584,"date":"2026-09-01T10:30:12","date_gmt":"2026-09-01T09:30:12","guid":{"rendered":"https:\/\/adopcja.wroclaw.pl\/?page_id=1584"},"modified":"2026-09-01T10:30:13","modified_gmt":"2026-09-01T09:30:13","slug":"niczego-nie-chcielibysmy-zmienic","status":"publish","type":"page","link":"https:\/\/adopcja.wroclaw.pl\/?page_id=1584","title":{"rendered":"&#8222;Niczego nie chcieliby\u015bmy zmieni\u0107&#8221;"},"content":{"rendered":"\n<pre class=\"wp-block-preformatted has-ibm-plex-serif-font-family has-medium-font-size\" style=\"text-transform:none\">Historia naszej adopcji zacz\u0119\u0142a si\u0119 do\u015b\u0107 typowo - od trudnego i frustruj\u0105cego okresu<br>bezowocnego starania si\u0119 o pocz\u0119cie dziecka. Nie brali\u015bmy pod uwag\u0119 \u017cadnej formy<br>sztucznego zap\u0142odnienia i do\u015b\u0107 szybko zdecydowali\u015bmy si\u0119 na zg\u0142oszenie do o\u015brodka<br>adopcyjnego. W decyzji pom\u00f3g\u0142 nam fakt, \u017ce w\u015br\u00f3d znajomych mieli\u015bmy szcz\u0119\u015bliw\u0105 rodzin\u0119<br>adopcyjn\u0105. Z polecenia tej rodziny wybrali\u015bmy Archidiecezjalny O\u015brodek Adopcyjny.<br><br>Kursy przygotowawcze by\u0142y wspania\u0142e. Dotyczy\u0142y nie tylko adopcji, ale te\u017c og\u00f3lnie<br>wychowania dzieci. Doszli\u015bmy wtedy do wniosku, \u017ce ka\u017cdy przysz\u0142y rodzic powinien<br>uko\u0144czy\u0107 taki kurs.<br><br>Po oko\u0142o roku od uzyskania kwalifikacji dostali\u015bmy telefon z propozycj\u0105 adopcji p\u00f3\u0142rocznej<br>dziewczynki. Byli\u015bmy niezwykle szcz\u0119\u015bliwi. Przez trzy tygodnie codziennie odwiedzali\u015bmy<br>c\u00f3rk\u0119 w domu dziecka, a potem pozwolono nam zabra\u0107 j\u0105 do domu. Po d\u0142ugim okresie<br>oczekiwania zostali\u015bmy wreszcie rodzicami!<br><br>Nied\u0142ugo potem wr\u00f3cili\u015bmy do O\u015brodka - chcieli\u015bmy mie\u0107 wi\u0119ksz\u0105 rodzin\u0119. Tym razem<br>zaproponowano nam 10-cio miesi\u0119cznego ch\u0142opca. Z drug\u0105 adopcj\u0105 sprawa by\u0142a<br>trudniejsza. Po pierwsze przyczyni\u0142a si\u0119 do tego pandemia. Wizyty w domu dziecka by\u0142y<br>mo\u017cliwe w kratk\u0119, kiedy akurat nie by\u0142o wi\u0119kszych obostrze\u0144. Dodatkowo, co by\u0142o jeszcze<br>trudniejsze, okaza\u0142o si\u0119, \u017ce sytuacja prawna ch\u0142opca nie jest jednak uregulowana - jego<br>matka biologiczna zg\u0142osi\u0142a wniosek o przywr\u00f3cenie w\u0142adzy rodzicielskiej. Byli\u015bmy rozdarci,<br>nie wiedzieli\u015bmy co zrobi\u0107. Wiele os\u00f3b radzi\u0142o nam wycofanie wniosku o adopcj\u0119. Z pomoc\u0105<br>prawnika uda\u0142o nam si\u0119 ustali\u0107, \u017ce sytuacja matki biologicznej si\u0119 nie zmieni\u0142a i nie ma ona<br>realnych szans na odzyskanie w\u0142adzy rodzicielskiej. Zdecydowali\u015bmy si\u0119 walczy\u0107 i wreszcie<br>po 3 miesi\u0105cach uda\u0142o nam si\u0119 warunkowo zabra\u0107 syna do domu. Wcze\u015bniej musieli\u015bmy<br>potwierdzi\u0107 przed s\u0105dem, \u017ce zdajemy sobie spraw\u0119, \u017ce syn mo\u017ce teoretycznie wr\u00f3ci\u0107 do<br>matki biologicznej. Ostatecznie matka biologiczna nie stawi\u0142a si\u0119 na w\u0142asnej rozprawie i rok<br>od przyj\u0119cia syna w domu zostali\u015bmy formalnie jego rodzicami. R\u00f3wnie\u017c adaptacja synka w<br>domu by\u0142a trudniejsza ni\u017c w przypadku jego starszej siostry. Syn by\u0142 starszy, kiedy do nas<br>trafi\u0142 - mia\u0142 13 miesi\u0119cy. Dodatkowo, z powodu pandemii, przebywaj\u0105c w domu dziecka nie<br>wychodzi\u0142 na dw\u00f3r i \u015bwiat zewn\u0119trzny bardzo go przera\u017ca\u0142. Jednak stopniowo, ma\u0142ymi<br>krokami, uda\u0142o nam si\u0119 to przewalczy\u0107 i po dw\u00f3ch miesi\u0105cach funkcjonowa\u0142 ju\u017c zupe\u0142nie<br>normalnie.<br><br>Jaki\u015b czas p\u00f3\u017aniej zn\u00f3w zg\u0142osili\u015bmy si\u0119 do O\u015brodka z ch\u0119ci\u0105 adopcji trzeciego dziecka.<br>Trafi\u0142a do nas 9-cio miesi\u0119czna dziewczynka. Tym razem wszystko przebieg\u0142o sprawnie, bez<br>niespodzianek i po oko\u0142o trzech tygodniach byli\u015bmy ju\u017c w domu w komplecie.<br><br>Jeste\u015bmy teraz rodzicami tr\u00f3jki zdrowych, \u015blicznych i m\u0105drych dzieci. Dzieciaki dobrze si\u0119<br>rozwijaj\u0105, \u015bwietnie funkcjonuj\u0105 w spo\u0142ecze\u0144stwie. Ka\u017cde jest inne i wyj\u0105tkowe na sw\u00f3j<br>w\u0142asny spos\u00f3b. Nigdy, nawet w trudniejszych chwilach (kt\u00f3re oczywi\u015bcie te\u017c si\u0119 zdarzaj\u0105, jak<br>w ka\u017cdej rodzinie), nie \u017ca\u0142owali\u015bmy decyzji o adopcji. Kiedy z perspektywy czasu my\u015blimy o<br>naszej drodze do rodzicielstwa, niczego nie chcieliby\u015bmy zmieni\u0107. Pora\u017cka starania o<br>biologiczne dziecko uczyni\u0142a nas silniejszymi lud\u017ami, a adopcja sprawi\u0142a, \u017ce stali\u015bmy si\u0119<br>szcz\u0119\u015bliwymi i spe\u0142nionymi rodzicami.<br><br>~ Rodzice Adopcyjni<\/pre>\n","protected":false},"excerpt":{"rendered":"<p>Historia naszej adopcji zacz\u0119\u0142a si\u0119 do\u015b\u0107 typowo &#8211; od trudnego i frustruj\u0105cego okresubezowocnego starania si\u0119 o pocz\u0119cie dziecka. Nie brali\u015bmy pod uwag\u0119 \u017cadnej formysztucznego zap\u0142odnienia i do\u015b\u0107 szybko zdecydowali\u015bmy si\u0119 na zg\u0142oszenie do o\u015brodkaadopcyjnego. W decyzji pom\u00f3g\u0142 nam fakt, \u017ce w\u015br\u00f3d znajomych mieli\u015bmy szcz\u0119\u015bliw\u0105 rodzin\u0119adopcyjn\u0105. Z polecenia tej rodziny wybrali\u015bmy Archidiecezjalny O\u015brodek Adopcyjny.Kursy przygotowawcze by\u0142y&#8230;<\/p>\n","protected":false},"author":1,"featured_media":0,"parent":0,"menu_order":0,"comment_status":"closed","ping_status":"closed","template":"","meta":{"footnotes":""},"class_list":["post-1584","page","type-page","status-publish","hentry"],"aioseo_notices":[],"_links":{"self":[{"href":"https:\/\/adopcja.wroclaw.pl\/index.php?rest_route=\/wp\/v2\/pages\/1584","targetHints":{"allow":["GET"]}}],"collection":[{"href":"https:\/\/adopcja.wroclaw.pl\/index.php?rest_route=\/wp\/v2\/pages"}],"about":[{"href":"https:\/\/adopcja.wroclaw.pl\/index.php?rest_route=\/wp\/v2\/types\/page"}],"author":[{"embeddable":true,"href":"https:\/\/adopcja.wroclaw.pl\/index.php?rest_route=\/wp\/v2\/users\/1"}],"replies":[{"embeddable":true,"href":"https:\/\/adopcja.wroclaw.pl\/index.php?rest_route=%2Fwp%2Fv2%2Fcomments&post=1584"}],"version-history":[{"count":1,"href":"https:\/\/adopcja.wroclaw.pl\/index.php?rest_route=\/wp\/v2\/pages\/1584\/revisions"}],"predecessor-version":[{"id":1585,"href":"https:\/\/adopcja.wroclaw.pl\/index.php?rest_route=\/wp\/v2\/pages\/1584\/revisions\/1585"}],"wp:attachment":[{"href":"https:\/\/adopcja.wroclaw.pl\/index.php?rest_route=%2Fwp%2Fv2%2Fmedia&parent=1584"}],"curies":[{"name":"wp","href":"https:\/\/api.w.org\/{rel}","templated":true}]}}